{"id":735,"date":"2019-03-29T16:23:22","date_gmt":"2019-03-29T15:23:22","guid":{"rendered":"https:\/\/www.prienavera.de\/?page_id=735"},"modified":"2024-07-29T10:31:28","modified_gmt":"2024-07-29T08:31:28","slug":"kontakt-anfahrt","status":"publish","type":"page","link":"https:\/\/www.prienavera.de\/de\/kontakt-anfahrt\/","title":{"rendered":"Kontakt &#038; Anfahrt"},"content":{"rendered":"<p>[vc_row][vc_column]\n    <div class=\"swiper-container\">\n        <div class=\"swiper-wrapper\">    <div class=\"swiper-slide\">\n        <div class=\"gradient-overlay--primary\"><\/div>\n        <img decoding=\"async\" src=\"https:\/\/www.prienavera.de\/wp-content\/uploads\/2020\/05\/luftaufnahme-strandbad.jpg\" srcset=\"https:\/\/www.prienavera.de\/wp-content\/uploads\/2020\/05\/luftaufnahme-strandbad.jpg 1760w, https:\/\/www.prienavera.de\/wp-content\/uploads\/2020\/05\/luftaufnahme-strandbad-300x136.jpg 300w, https:\/\/www.prienavera.de\/wp-content\/uploads\/2020\/05\/luftaufnahme-strandbad-768x349.jpg 768w, https:\/\/www.prienavera.de\/wp-content\/uploads\/2020\/05\/luftaufnahme-strandbad-1024x465.jpg 1024w,https:\/\/www.prienavera.de\/wp-content\/uploads\/2020\/05\/luftaufnahme-strandbad.jpg 1760w, https:\/\/www.prienavera.de\/wp-content\/uploads\/2020\/05\/luftaufnahme-strandbad-300x136.jpg 300w, https:\/\/www.prienavera.de\/wp-content\/uploads\/2020\/05\/luftaufnahme-strandbad-768x349.jpg 768w, https:\/\/www.prienavera.de\/wp-content\/uploads\/2020\/05\/luftaufnahme-strandbad-1024x465.jpg 1024w,https:\/\/www.prienavera.de\/wp-content\/uploads\/2020\/05\/luftaufnahme-strandbad.jpg 1760w, https:\/\/www.prienavera.de\/wp-content\/uploads\/2020\/05\/luftaufnahme-strandbad-300x136.jpg 300w, https:\/\/www.prienavera.de\/wp-content\/uploads\/2020\/05\/luftaufnahme-strandbad-768x349.jpg 768w, https:\/\/www.prienavera.de\/wp-content\/uploads\/2020\/05\/luftaufnahme-strandbad-1024x465.jpg 1024w\"\n                                    sizes=\"(max-width: 320px) 280px,\n                                           (max-width: 800px) 440px,\n                                           1600px\"\n                                    src=\"https:\/\/www.prienavera.de\/wp-content\/uploads\/2020\/05\/luftaufnahme-strandbad.jpg 1760w, https:\/\/www.prienavera.de\/wp-content\/uploads\/2020\/05\/luftaufnahme-strandbad-300x136.jpg 300w, https:\/\/www.prienavera.de\/wp-content\/uploads\/2020\/05\/luftaufnahme-strandbad-768x349.jpg 768w, https:\/\/www.prienavera.de\/wp-content\/uploads\/2020\/05\/luftaufnahme-strandbad-1024x465.jpg 1024w\" class=\"swiper-slide__image\" alt=\"\">\n        \n        <div class=\"swiper-slide__container\">\n            <h1 class=\"swiper-slide__title color-overlay--white\"><\/h1>        <\/div>\n    <\/div>        <\/div>    <\/div>[\/vc_column][\/vc_row][vc_row][vc_column]    <div class=\"textblock\"><\/p>\n<h1><span style=\"color: #003889;\">Kontakt<\/span><\/h1>\n<p><strong>PRIENAVERA Erlebnisbad<\/strong><br \/>\nSeestra\u00dfe 120<br \/>\n83209 Prien am Chiemsee<br \/>\n<a href=\"mailto:info@prienavera.de\">info@prienavera.de<\/a><br \/>\n<a href=\"http:\/\/www.prienavera.de\">www.prienavera.de<\/a>\n    <\/div>[\/vc_column][\/vc_row][vc_row][vc_column]    <div class=\"textblock\"><\/p>\n<h2>Anfahrt<\/h2>\n<p><strong>Mit dem Auto:<\/strong><br \/>\nMit dem Auto erreichen Sie uns \u00fcber die A8 M\u00fcnchen\u2013Salzburg, Ausfahrt Bernau. Das Bad ist direkt am Chiemsee gelegen.<\/p>\n<p><strong>\u00d6ffentliche Verkehrsmittel:<br \/>\n<\/strong>Mit \u00f6ffentlichen Verkehrsmittel erreichen Sie uns \u00fcber den\u00a0Bahnhof Prien mit dem IC, IR oder Meridian.<br \/>\nVon dort aus verkehrt unser Ortsbus Linie 9424 und im Sommer (Mitte Mai bis Mitte September) die Chiemsee-Bahn zum Hafen Prien\/Stock. Das Erlebnisbad liegt etwa f\u00fcnf Minuten fu\u00dfl\u00e4ufig vom Hafen entfernt.<\/p>\n<p><em>Bei Besuch mit dem Guten-Tag-Ticket (Anreise mit der Bayerischen Regiobahn) im PRIENAVERA Erlebnisbad gew\u00e4hren wir Ihnen einen erm\u00e4\u00dfigten Eintritt.<\/em>\n    <\/div>[\/vc_column][\/vc_row]<\/p>\n","protected":false},"excerpt":{"rendered":"<p>[vc_row][vc_column][\/vc_column][\/vc_row][vc_row][vc_column][\/vc_column][\/vc_row][vc_row][vc_column][\/vc_column][\/vc_row]<\/p>\n","protected":false},"author":4,"featured_media":0,"parent":0,"menu_order":0,"comment_status":"closed","ping_status":"closed","template":"","meta":{"footnotes":""},"class_list":["post-735","page","type-page","status-publish","hentry"],"_links":{"self":[{"href":"https:\/\/www.prienavera.de\/de\/wp-json\/wp\/v2\/pages\/735\/"}],"collection":[{"href":"https:\/\/www.prienavera.de\/de\/wp-json\/wp\/v2\/pages\/"}],"about":[{"href":"https:\/\/www.prienavera.de\/de\/wp-json\/wp\/v2\/types\/page\/"}],"author":[{"embeddable":true,"href":"https:\/\/www.prienavera.de\/de\/wp-json\/wp\/v2\/users\/4\/"}],"replies":[{"embeddable":true,"href":"https:\/\/www.prienavera.de\/de\/wp-json\/wp\/v2\/comments\/?post=735"}],"version-history":[{"count":11,"href":"https:\/\/www.prienavera.de\/de\/wp-json\/wp\/v2\/pages\/735\/revisions\/"}],"predecessor-version":[{"id":2934,"href":"https:\/\/www.prienavera.de\/de\/wp-json\/wp\/v2\/pages\/735\/revisions\/2934\/"}],"wp:attachment":[{"href":"https:\/\/www.prienavera.de\/de\/wp-json\/wp\/v2\/media\/?parent=735"}],"curies":[{"name":"wp","href":"https:\/\/api.w.org\/{rel}","templated":true}]}}